{"id":37,"date":"2020-05-02T09:05:51","date_gmt":"2020-05-02T07:05:51","guid":{"rendered":"http:\/\/fewo.benedikt-doll.de\/?page_id=37"},"modified":"2024-10-31T10:38:34","modified_gmt":"2024-10-31T09:38:34","slug":"willkommen","status":"publish","type":"page","link":"https:\/\/schwarzwaldmaedel-ferienwohnungen.de\/en\/","title":{"rendered":"Welcome"},"content":{"rendered":"<div data-elementor-type=\"wp-page\" data-elementor-id=\"37\" class=\"elementor elementor-37\" data-elementor-post-type=\"page\">\n\t\t\t\t\t\t<section class=\"elementor-section elementor-top-section elementor-element elementor-element-254c1522 elementor-section-boxed elementor-section-height-default elementor-section-height-default\" data-id=\"254c1522\" data-element_type=\"section\" data-e-type=\"section\">\n\t\t\t\t\t\t<div class=\"elementor-container elementor-column-gap-default\">\n\t\t\t\t\t<div class=\"aux-parallax-section elementor-column elementor-col-100 elementor-top-column elementor-element elementor-element-79cc2562\" data-id=\"79cc2562\" data-element_type=\"column\" data-e-type=\"column\">\n\t\t\t<div class=\"elementor-widget-wrap elementor-element-populated\">\n\t\t\t\t\t\t<div class=\"elementor-element elementor-element-6a55c57 elementor-widget elementor-widget-text-editor\" data-id=\"6a55c57\" data-element_type=\"widget\" data-e-type=\"widget\" data-widget_type=\"text-editor.default\">\n\t\t\t\t<div class=\"elementor-widget-container\">\n\t\t\t\t\t\t\t\t\t<h2>Welcome to the Schwarzwaldm\u00e4del holiday apartments!<\/h2>\t\t\t\t\t\t\t\t<\/div>\n\t\t\t\t<\/div>\n\t\t\t\t<section class=\"elementor-section elementor-inner-section elementor-element elementor-element-40c37ac elementor-section-full_width elementor-section-height-default elementor-section-height-default\" data-id=\"40c37ac\" data-element_type=\"section\" data-e-type=\"section\">\n\t\t\t\t\t\t<div class=\"elementor-container elementor-column-gap-default\">\n\t\t\t\t\t<div class=\"aux-parallax-section elementor-column elementor-col-66 elementor-inner-column elementor-element elementor-element-3d762e8\" data-id=\"3d762e8\" data-element_type=\"column\" data-e-type=\"column\">\n\t\t\t<div class=\"elementor-widget-wrap elementor-element-populated\">\n\t\t\t\t\t\t<div class=\"elementor-element elementor-element-342f1f37 elementor-widget elementor-widget-text-editor\" data-id=\"342f1f37\" data-element_type=\"widget\" data-e-type=\"widget\" data-widget_type=\"text-editor.default\">\n\t\t\t\t<div class=\"elementor-widget-container\">\n\t\t\t\t\t\t\t\t\t<p>Welcome to the family-run Schwarzwaldm\u00e4del-Ferienwohnungen holiday apartments in the Black Forest, Todtnau-Muggenbrunn located 950m-1250 m above sea level.<\/p><p>Our <a href=\"https:\/\/schwarzwaldmaedel-ferienwohnungen.de\/en\/ferienwohnungen\/\">houses Michaela and Gerda<\/a> are only 100 m apart.<\/p><p>In our <a href=\"https:\/\/schwarzwaldmaedel-ferienwohnungen.de\/en\/ferienwohnungen\/\">in-house indoor pool<\/a> with a size of 5 x 12 m, whirlpool corner and underwater geyser as well as a sauna is enough space to relax.<\/p><p>F\u00fcr <span style=\"color: #ab0f00;\">Gruppen<\/span> ab 8 Personen bieten wir in unserem sch\u00f6nen hellen Fr\u00fchst\u00fccksraum auf Wunsch <span style=\"color: #ab0f00;\">Fr\u00fchst\u00fccksbuffet<\/span> an.<\/p><p>The Southern Black Forest Nature Park with the mountains Feldberg, Belchen and Schauinsland is a hiker's paradise with wide views all the way to the Vosges and the Swiss Alps - and right in the middle of it in the mountain village of Muggenbrunn are the Schwarzwaldm\u00e4del holiday apartments - the ideal starting point for your hiking vacation, mountain bike tours and family excursions.<\/p><p class=\"translation-block\">With us you get the <a href=\"https:\/\/schwarzwaldmaedel-ferienwohnungen.de\/en\/aktivitaeten\/hochschwarzwald-card\/\" target=\"_self\">Hochschwarzwald-Card<\/a>. With the card you can use numerous attractions and experiences in our region free of charge and partly reduced, such as adventure swimming pool, amusement park, coaster ride, boat trip and much more.<\/p><p>With the Konus guest card you can also use the public transportation in the entire Black Forest for free.<\/p><p><strong>A few tips for trips:<\/strong><\/p><ul><li>The 450 meter long hanging bridge over the waterfalls in Todtnau<\/li><li>The longest and most exciting summer toboggan run in Germany at the Hasenhorn in Todtnau<\/li><li>Freiburg with its beautiful old town and the cathedral<\/li><li>The Steinwasen Park with adventure bridge, summer toboggan run and wildlife park<\/li><li>The Europa Park in Rust<\/li><li>The Black Forest Open Air Museum Vogtsbauernhof<\/li><li>Rhine Falls - Schaffhausen, the largest waterfall in Europe<\/li><\/ul><p>Your family Behringer<\/p>\t\t\t\t\t\t\t\t<\/div>\n\t\t\t\t<\/div>\n\t\t\t\t\t<\/div>\n\t\t<\/div>\n\t\t\t\t<div class=\"aux-parallax-section elementor-column elementor-col-33 elementor-inner-column elementor-element elementor-element-1e8cb42\" data-id=\"1e8cb42\" data-element_type=\"column\" data-e-type=\"column\">\n\t\t\t<div class=\"elementor-widget-wrap elementor-element-populated\">\n\t\t\t\t\t\t<div class=\"elementor-element elementor-element-288df3e elementor-widget elementor-widget-image\" data-id=\"288df3e\" data-element_type=\"widget\" data-e-type=\"widget\" data-widget_type=\"image.default\">\n\t\t\t\t<div class=\"elementor-widget-container\">\n\t\t\t\t\t\t\t\t\t\t\t\t\t\t\t\t<a href=\"https:\/\/schwarzwaldmaedel-ferienwohnungen.de\/en\/aktivitaeten\/hochschwarzwald-card\/\">\n\t\t\t\t\t\t\t<img fetchpriority=\"high\" decoding=\"async\" width=\"1642\" height=\"1058\" src=\"https:\/\/i0.wp.com\/schwarzwaldmaedel-ferienwohnungen.de\/wp-content\/uploads\/2022\/04\/hsw-card_logo_2022_sRGB-002.png?fit=1642%2C1058&amp;ssl=1\" class=\"attachment-full size-full wp-image-1913\" alt=\"Hochschwarzwald Card\" srcset=\"https:\/\/i0.wp.com\/schwarzwaldmaedel-ferienwohnungen.de\/wp-content\/uploads\/2022\/04\/hsw-card_logo_2022_sRGB-002.png?w=1642&amp;ssl=1 1642w, https:\/\/i0.wp.com\/schwarzwaldmaedel-ferienwohnungen.de\/wp-content\/uploads\/2022\/04\/hsw-card_logo_2022_sRGB-002.png?resize=1536%2C990&amp;ssl=1 1536w, https:\/\/i0.wp.com\/schwarzwaldmaedel-ferienwohnungen.de\/wp-content\/uploads\/2022\/04\/hsw-card_logo_2022_sRGB-002.png?resize=18%2C12&amp;ssl=1 18w, https:\/\/i0.wp.com\/schwarzwaldmaedel-ferienwohnungen.de\/wp-content\/uploads\/2022\/04\/hsw-card_logo_2022_sRGB-002.png?resize=280%2C180&amp;ssl=1 280w\" sizes=\"(max-width: 1300px) 100vw, 1300px\" \/>\t\t\t\t\t\t\t\t<\/a>\n\t\t\t\t\t\t\t\t\t\t\t\t\t\t\t<\/div>\n\t\t\t\t<\/div>\n\t\t\t\t\t<\/div>\n\t\t<\/div>\n\t\t\t\t\t<\/div>\n\t\t<\/section>\n\t\t\t\t\t<\/div>\n\t\t<\/div>\n\t\t\t\t\t<\/div>\n\t\t<\/section>\n\t\t\t\t<section class=\"elementor-section elementor-top-section elementor-element elementor-element-73fc8c4 elementor-section-boxed elementor-section-height-default elementor-section-height-default\" data-id=\"73fc8c4\" data-element_type=\"section\" data-e-type=\"section\">\n\t\t\t\t\t\t<div class=\"elementor-container elementor-column-gap-default\">\n\t\t\t\t\t<div class=\"aux-parallax-section elementor-column elementor-col-100 elementor-top-column elementor-element elementor-element-c9164da\" data-id=\"c9164da\" data-element_type=\"column\" data-e-type=\"column\">\n\t\t\t<div class=\"elementor-widget-wrap elementor-element-populated\">\n\t\t\t\t\t\t<div class=\"elementor-element elementor-element-ee7434a elementor-widget elementor-widget-heading\" data-id=\"ee7434a\" data-element_type=\"widget\" data-e-type=\"widget\" data-widget_type=\"heading.default\">\n\t\t\t\t<div class=\"elementor-widget-container\">\n\t\t\t\t\t<h2 class=\"elementor-heading-title elementor-size-default\">Summer impressions of the region<\/h2>\t\t\t\t<\/div>\n\t\t\t\t<\/div>\n\t\t\t\t<div class=\"elementor-element elementor-element-4af9122 elementor-widget elementor-widget-aux_touch_slider\" data-id=\"4af9122\" data-element_type=\"widget\" data-e-type=\"widget\" data-widget_type=\"aux_touch_slider.default\">\n\t\t\t\t<div class=\"elementor-widget-container\">\n\t\t\t\t\t<section class=\"widget-container aux-widget-touch-slider aux-widget-post-slider aux-parent-auc8d99013\"><div class=\"master-carousel-slider aux-latest-posts-slider aux-no-js aux-light-skin\" data-empty-height=\"560\" data-navigation=\"peritem\" data-space=\"0\" data-auto-height=\"true\" data-delay=\"3\" data-loop=\"yes\" data-autoplay=\"1\">        <div class=\"aux-mc-item\" >\n                <div class=\"aux-slide-media\">\n                    <div class=\"aux-media-frame aux-media-image\"><img decoding=\"async\" width=\"909\" height=\"560\" src=\"https:\/\/schwarzwaldmaedel-ferienwohnungen.de\/wp-content\/uploads\/2023\/06\/20230531_183030-909x560.avif\" class=\"auxin-attachment attachment-909x560\" alt=\"450 m lange H\u00e4ngebr\u00fccke \u00fcber den Todtnauer Wasserf\u00e4llen\" \/><\/div>\n                <\/div>\n                    <\/div>\n\n        <div class=\"aux-mc-item\" >\n                <div class=\"aux-slide-media\">\n                    <div class=\"aux-media-frame aux-media-image\"><img data-recalc-dims=\"1\" decoding=\"async\" width=\"909\" height=\"560\" src=\"https:\/\/i0.wp.com\/schwarzwaldmaedel-ferienwohnungen.de\/wp-content\/uploads\/2020\/05\/DSC01097.jpg?resize=909%2C560&#038;ssl=1\" class=\"auxin-attachment attachment-909x560\" alt=\"lange Holzbank ins Wiesental zeigend\" \/><\/div>\n                <\/div>\n                    <\/div>\n\n        <div class=\"aux-mc-item\" >\n                <div class=\"aux-slide-media\">\n                    <div class=\"aux-media-frame aux-media-image\"><img data-recalc-dims=\"1\" loading=\"lazy\" decoding=\"async\" width=\"909\" height=\"560\" src=\"https:\/\/i0.wp.com\/schwarzwaldmaedel-ferienwohnungen.de\/wp-content\/uploads\/2020\/06\/Kinder_Pferd.jpg?resize=909%2C560&#038;ssl=1\" class=\"auxin-attachment attachment-909x560\" alt=\"Spaziergang mit Kindern\" \/><\/div>\n                <\/div>\n                    <\/div>\n\n        <div class=\"aux-mc-item\" >\n                <div class=\"aux-slide-media\">\n                    <div class=\"aux-media-frame aux-media-image\"><img data-recalc-dims=\"1\" loading=\"lazy\" decoding=\"async\" width=\"909\" height=\"560\" src=\"https:\/\/i0.wp.com\/schwarzwaldmaedel-ferienwohnungen.de\/wp-content\/uploads\/2020\/05\/2015-10-11-16.57.58.jpg?resize=909%2C560&#038;ssl=1\" class=\"auxin-attachment attachment-909x560\" alt=\"Muggenbrunn im Herbst\" \/><\/div>\n                <\/div>\n                    <\/div>\n\n        <div class=\"aux-mc-item\" >\n                <div class=\"aux-slide-media\">\n                    <div class=\"aux-media-frame aux-media-image\"><img data-recalc-dims=\"1\" loading=\"lazy\" decoding=\"async\" width=\"909\" height=\"560\" src=\"https:\/\/i0.wp.com\/schwarzwaldmaedel-ferienwohnungen.de\/wp-content\/uploads\/2020\/05\/DSC_3613.jpg?resize=909%2C560&#038;ssl=1\" class=\"auxin-attachment attachment-909x560\" alt=\"Blick zum Belchen\" \/><\/div>\n                <\/div>\n                    <\/div>\n\n        <div class=\"aux-mc-item\" >\n                <div class=\"aux-slide-media\">\n                    <div class=\"aux-media-frame aux-media-image\"><img data-recalc-dims=\"1\" loading=\"lazy\" decoding=\"async\" width=\"909\" height=\"560\" src=\"https:\/\/i0.wp.com\/schwarzwaldmaedel-ferienwohnungen.de\/wp-content\/uploads\/2020\/05\/DSC01066.jpg?resize=909%2C560&#038;ssl=1\" class=\"auxin-attachment attachment-909x560\" alt=\"Wandern im Schwarzwald\" \/><\/div>\n                <\/div>\n                    <\/div>\n\n        <div class=\"aux-mc-item\" >\n                <div class=\"aux-slide-media\">\n                    <div class=\"aux-media-frame aux-media-image\"><img data-recalc-dims=\"1\" loading=\"lazy\" decoding=\"async\" width=\"909\" height=\"560\" src=\"https:\/\/i0.wp.com\/schwarzwaldmaedel-ferienwohnungen.de\/wp-content\/uploads\/2020\/05\/DSC01094.jpg?resize=909%2C560&#038;ssl=1\" class=\"auxin-attachment attachment-909x560\" alt=\"Wanderschild im Wald\" \/><\/div>\n                <\/div>\n                    <\/div>\n\n        <div class=\"aux-mc-item\" >\n                <div class=\"aux-slide-media\">\n                    <div class=\"aux-media-frame aux-media-image\"><img data-recalc-dims=\"1\" loading=\"lazy\" decoding=\"async\" width=\"909\" height=\"560\" src=\"https:\/\/i0.wp.com\/schwarzwaldmaedel-ferienwohnungen.de\/wp-content\/uploads\/2020\/05\/DSC01096.jpg?resize=909%2C560&#038;ssl=1\" class=\"auxin-attachment attachment-909x560\" alt=\"Wandern im Schwarzwald\" \/><\/div>\n                <\/div>\n                    <\/div>\n\n        <div class=\"aux-mc-item\" >\n                <div class=\"aux-slide-media\">\n                    <div class=\"aux-media-frame aux-media-image\"><img data-recalc-dims=\"1\" loading=\"lazy\" decoding=\"async\" width=\"909\" height=\"560\" src=\"https:\/\/i0.wp.com\/schwarzwaldmaedel-ferienwohnungen.de\/wp-content\/uploads\/2020\/05\/DSC01098.jpg?resize=909%2C560&#038;ssl=1\" class=\"auxin-attachment attachment-909x560\" alt=\"gr\u00fcne Wiese mit Blick in die Ferne\" \/><\/div>\n                <\/div>\n                    <\/div>\n\n        <div class=\"aux-mc-item\" >\n                <div class=\"aux-slide-media\">\n                    <div class=\"aux-media-frame aux-media-image\"><img data-recalc-dims=\"1\" loading=\"lazy\" decoding=\"async\" width=\"909\" height=\"560\" src=\"https:\/\/i0.wp.com\/schwarzwaldmaedel-ferienwohnungen.de\/wp-content\/uploads\/2020\/05\/feldberg-richtung-norden_HDR1.jpg?resize=909%2C560&#038;ssl=1\" class=\"auxin-attachment attachment-909x560\" alt=\"Feldberg im Herbst\" \/><\/div>\n                <\/div>\n                    <\/div>\n\n        <div class=\"aux-mc-item\" >\n                <div class=\"aux-slide-media\">\n                    <div class=\"aux-media-frame aux-media-image\"><img data-recalc-dims=\"1\" loading=\"lazy\" decoding=\"async\" width=\"909\" height=\"560\" src=\"https:\/\/i0.wp.com\/schwarzwaldmaedel-ferienwohnungen.de\/wp-content\/uploads\/2020\/05\/Muggenbrunn-2005.jpg?resize=909%2C560&#038;ssl=1\" class=\"auxin-attachment attachment-909x560\" alt=\"Das Dorf Muggenbrunn im Schwarzwald\" \/><\/div>\n                <\/div>\n                    <\/div>\n\n        <div class=\"aux-mc-item\" >\n                <div class=\"aux-slide-media\">\n                    <div class=\"aux-media-frame aux-media-image\"><img data-recalc-dims=\"1\" loading=\"lazy\" decoding=\"async\" width=\"909\" height=\"560\" src=\"https:\/\/i0.wp.com\/schwarzwaldmaedel-ferienwohnungen.de\/wp-content\/uploads\/2020\/05\/Muggenbrunn.jpg?resize=909%2C560&#038;ssl=1\" class=\"auxin-attachment attachment-909x560\" alt=\"Das Dorf Muggenbrunn im Schwarzwald\" \/><\/div>\n                <\/div>\n                    <\/div>\n\n        <div class=\"aux-mc-item\" >\n                <div class=\"aux-slide-media\">\n                    <div class=\"aux-media-frame aux-media-image\"><img data-recalc-dims=\"1\" loading=\"lazy\" decoding=\"async\" width=\"909\" height=\"560\" src=\"https:\/\/i0.wp.com\/schwarzwaldmaedel-ferienwohnungen.de\/wp-content\/uploads\/2020\/05\/Panorama-Mugg3-scaled.jpg?resize=909%2C560&#038;ssl=1\" class=\"auxin-attachment attachment-909x560\" alt=\"Das Dorf Muggenbrunn im Schwarzwald\" \/><\/div>\n                <\/div>\n                    <\/div>\n\n        <div class=\"aux-mc-item\" >\n                <div class=\"aux-slide-media\">\n                    <div class=\"aux-media-frame aux-media-image\"><img loading=\"lazy\" decoding=\"async\" width=\"909\" height=\"560\" src=\"https:\/\/schwarzwaldmaedel-ferienwohnungen.de\/wp-content\/uploads\/2023\/06\/IMG-20230531-WA0027-909x560.avif\" class=\"auxin-attachment attachment-909x560\" alt=\"450 m lange H\u00e4ngebr\u00fccke \u00fcber den Todtnauer Wasserf\u00e4llen\" \/><\/div>\n                <\/div>\n                    <\/div>\n\n        <div class=\"aux-mc-item\" >\n                <div class=\"aux-slide-media\">\n                    <div class=\"aux-media-frame aux-media-image\"><img loading=\"lazy\" decoding=\"async\" width=\"909\" height=\"560\" src=\"https:\/\/schwarzwaldmaedel-ferienwohnungen.de\/wp-content\/uploads\/2023\/06\/20230531_182127-909x560.avif\" class=\"auxin-attachment attachment-909x560\" alt=\"Blick von der 450 m langen H\u00e4ngebr\u00fccke \u00fcber den Todtnauer Wasserf\u00e4llen\" \/><\/div>\n                <\/div>\n                    <\/div>\n\n        <div class=\"aux-next-arrow aux-arrow-nav aux-white aux-round aux-hover-slide\">\n            <span class=\"aux-overlay\"><\/span>\n            <span class=\"aux-svg-arrow aux-medium-right\"><\/span>\n            <span class=\"aux-hover-arrow aux-svg-arrow aux-medium-right\"><\/span>\n        <\/div>\n        <div class=\"aux-prev-arrow aux-arrow-nav aux-white aux-round aux-hover-slide\">\n            <span class=\"aux-overlay\"><\/span>\n            <span class=\"aux-svg-arrow aux-medium-left\"><\/span>\n            <span class=\"aux-hover-arrow aux-svg-arrow aux-medium-left\"><\/span>\n        <\/div>\n<\/div><!-- aux-col-wrapper --><\/section><!-- widget-container -->\t\t\t\t<\/div>\n\t\t\t\t<\/div>\n\t\t\t\t<div class=\"elementor-element elementor-element-5f8c3f0 elementor-widget elementor-widget-heading\" data-id=\"5f8c3f0\" data-element_type=\"widget\" data-e-type=\"widget\" data-widget_type=\"heading.default\">\n\t\t\t\t<div class=\"elementor-widget-container\">\n\t\t\t\t\t<h2 class=\"elementor-heading-title elementor-size-default\">Winter impressions of the region<\/h2>\t\t\t\t<\/div>\n\t\t\t\t<\/div>\n\t\t\t\t<div class=\"elementor-element elementor-element-f5f932f elementor-widget elementor-widget-aux_touch_slider\" data-id=\"f5f932f\" data-element_type=\"widget\" data-e-type=\"widget\" data-widget_type=\"aux_touch_slider.default\">\n\t\t\t\t<div class=\"elementor-widget-container\">\n\t\t\t\t\t<section class=\"widget-container aux-widget-touch-slider aux-widget-post-slider aux-parent-au83b93571\"><div class=\"master-carousel-slider aux-latest-posts-slider aux-no-js aux-light-skin\" data-empty-height=\"560\" data-navigation=\"peritem\" data-space=\"0\" data-auto-height=\"true\" data-delay=\"3\" data-loop=\"yes\" data-autoplay=\"1\">        <div class=\"aux-mc-item\" >\n                <div class=\"aux-slide-media\">\n                    <div class=\"aux-media-frame aux-media-image\"><img data-recalc-dims=\"1\" loading=\"lazy\" decoding=\"async\" width=\"909\" height=\"560\" src=\"https:\/\/i0.wp.com\/schwarzwaldmaedel-ferienwohnungen.de\/wp-content\/uploads\/2020\/05\/2014-01-25-12.02.15.jpg?resize=909%2C560&#038;ssl=1\" class=\"auxin-attachment attachment-909x560\" alt=\"Winterlandschaft im Schwarzwald\" \/><\/div>\n                <\/div>\n                    <\/div>\n\n        <div class=\"aux-mc-item\" >\n                <div class=\"aux-slide-media\">\n                    <div class=\"aux-media-frame aux-media-image\"><img data-recalc-dims=\"1\" loading=\"lazy\" decoding=\"async\" width=\"909\" height=\"560\" src=\"https:\/\/i0.wp.com\/schwarzwaldmaedel-ferienwohnungen.de\/wp-content\/uploads\/2020\/06\/Langlaufpause.jpg?resize=909%2C560&#038;ssl=1\" class=\"auxin-attachment attachment-909x560\" alt=\"Langlaufpause\" \/><\/div>\n                <\/div>\n                    <\/div>\n\n        <div class=\"aux-mc-item\" >\n                <div class=\"aux-slide-media\">\n                    <div class=\"aux-media-frame aux-media-image\"><img data-recalc-dims=\"1\" loading=\"lazy\" decoding=\"async\" width=\"909\" height=\"560\" src=\"https:\/\/i0.wp.com\/schwarzwaldmaedel-ferienwohnungen.de\/wp-content\/uploads\/2020\/05\/2014-01-25-10.23.48.jpg?resize=909%2C560&#038;ssl=1\" class=\"auxin-attachment attachment-909x560\" alt=\"Langlaufen am Feldberg\" \/><\/div>\n                <\/div>\n                    <\/div>\n\n        <div class=\"aux-mc-item\" >\n                <div class=\"aux-slide-media\">\n                    <div class=\"aux-media-frame aux-media-image\"><img data-recalc-dims=\"1\" loading=\"lazy\" decoding=\"async\" width=\"909\" height=\"560\" src=\"https:\/\/i0.wp.com\/schwarzwaldmaedel-ferienwohnungen.de\/wp-content\/uploads\/2020\/06\/Winter-Schneeschugruppe.jpg?resize=909%2C560&#038;ssl=1\" class=\"auxin-attachment attachment-909x560\" alt=\"Schneeschuhwanderung am Feldberg\" \/><\/div>\n                <\/div>\n                    <\/div>\n\n        <div class=\"aux-mc-item\" >\n                <div class=\"aux-slide-media\">\n                    <div class=\"aux-media-frame aux-media-image\"><img data-recalc-dims=\"1\" loading=\"lazy\" decoding=\"async\" width=\"909\" height=\"560\" src=\"https:\/\/i0.wp.com\/schwarzwaldmaedel-ferienwohnungen.de\/wp-content\/uploads\/2020\/06\/Winter-Schneeschuhspa%C3%9F.jpg?resize=909%2C560&#038;ssl=1\" class=\"auxin-attachment attachment-909x560\" alt=\"Schneeschuhwanderung am Feldberg\" \/><\/div>\n                <\/div>\n                    <\/div>\n\n        <div class=\"aux-mc-item\" >\n                <div class=\"aux-slide-media\">\n                    <div class=\"aux-media-frame aux-media-image\"><img data-recalc-dims=\"1\" loading=\"lazy\" decoding=\"async\" width=\"909\" height=\"560\" src=\"https:\/\/i0.wp.com\/schwarzwaldmaedel-ferienwohnungen.de\/wp-content\/uploads\/2020\/05\/2014-01-25-10.27.46.jpg?resize=909%2C560&#038;ssl=1\" class=\"auxin-attachment attachment-909x560\" alt=\"Blick ins Wiesental\" \/><\/div>\n                <\/div>\n                    <\/div>\n\n        <div class=\"aux-mc-item\" >\n                <div class=\"aux-slide-media\">\n                    <div class=\"aux-media-frame aux-media-image\"><img data-recalc-dims=\"1\" loading=\"lazy\" decoding=\"async\" width=\"909\" height=\"560\" src=\"https:\/\/i0.wp.com\/schwarzwaldmaedel-ferienwohnungen.de\/wp-content\/uploads\/2020\/05\/2014-01-25-10.32.14.jpg?resize=909%2C560&#038;ssl=1\" class=\"auxin-attachment attachment-909x560\" alt=\"Feldberggipfel im Schnee\" \/><\/div>\n                <\/div>\n                    <\/div>\n\n        <div class=\"aux-mc-item\" >\n                <div class=\"aux-slide-media\">\n                    <div class=\"aux-media-frame aux-media-image\"><img data-recalc-dims=\"1\" loading=\"lazy\" decoding=\"async\" width=\"909\" height=\"560\" src=\"https:\/\/i0.wp.com\/schwarzwaldmaedel-ferienwohnungen.de\/wp-content\/uploads\/2020\/05\/2014-01-25-10.43.56.jpg?resize=909%2C560&#038;ssl=1\" class=\"auxin-attachment attachment-909x560\" alt=\"Winterlandschaft im Schwarzwald\" \/><\/div>\n                <\/div>\n                    <\/div>\n\n        <div class=\"aux-mc-item\" >\n                <div class=\"aux-slide-media\">\n                    <div class=\"aux-media-frame aux-media-image\"><img data-recalc-dims=\"1\" loading=\"lazy\" decoding=\"async\" width=\"909\" height=\"560\" src=\"https:\/\/i0.wp.com\/schwarzwaldmaedel-ferienwohnungen.de\/wp-content\/uploads\/2020\/05\/2015-02-18-10.48.58.jpg?resize=909%2C560&#038;ssl=1\" class=\"auxin-attachment attachment-909x560\" alt=\"Winter am Feldberg\" \/><\/div>\n                <\/div>\n                    <\/div>\n\n        <div class=\"aux-mc-item\" >\n                <div class=\"aux-slide-media\">\n                    <div class=\"aux-media-frame aux-media-image\"><img data-recalc-dims=\"1\" loading=\"lazy\" decoding=\"async\" width=\"909\" height=\"560\" src=\"https:\/\/i0.wp.com\/schwarzwaldmaedel-ferienwohnungen.de\/wp-content\/uploads\/2020\/05\/20170125_100417.jpg?resize=909%2C560&#038;ssl=1\" class=\"auxin-attachment attachment-909x560\" alt=\"Langlaufen im Schwarzwald\" \/><\/div>\n                <\/div>\n                    <\/div>\n\n        <div class=\"aux-mc-item\" >\n                <div class=\"aux-slide-media\">\n                    <div class=\"aux-media-frame aux-media-image\"><img data-recalc-dims=\"1\" loading=\"lazy\" decoding=\"async\" width=\"909\" height=\"560\" src=\"https:\/\/i0.wp.com\/schwarzwaldmaedel-ferienwohnungen.de\/wp-content\/uploads\/2020\/05\/20171212_161038.jpg?resize=909%2C560&#038;ssl=1\" class=\"auxin-attachment attachment-909x560\" alt=\"Winter am St\u00fcbenwasen\" \/><\/div>\n                <\/div>\n                    <\/div>\n\n        <div class=\"aux-mc-item\" >\n                <div class=\"aux-slide-media\">\n                    <div class=\"aux-media-frame aux-media-image\"><img data-recalc-dims=\"1\" loading=\"lazy\" decoding=\"async\" width=\"909\" height=\"560\" src=\"https:\/\/i0.wp.com\/schwarzwaldmaedel-ferienwohnungen.de\/wp-content\/uploads\/2020\/05\/DSC00485.jpg?resize=909%2C560&#038;ssl=1\" class=\"auxin-attachment attachment-909x560\" alt=\"Winter am Feldberg\" \/><\/div>\n                <\/div>\n                    <\/div>\n\n        <div class=\"aux-mc-item\" >\n                <div class=\"aux-slide-media\">\n                    <div class=\"aux-media-frame aux-media-image\"><img data-recalc-dims=\"1\" loading=\"lazy\" decoding=\"async\" width=\"909\" height=\"560\" src=\"https:\/\/i0.wp.com\/schwarzwaldmaedel-ferienwohnungen.de\/wp-content\/uploads\/2021\/01\/20201218_155528-scaled.jpg?resize=909%2C560&#038;ssl=1\" class=\"auxin-attachment attachment-909x560\" alt=\"Winter auf dem St\u00fcbenwasen\" \/><\/div>\n                <\/div>\n                    <\/div>\n\n        <div class=\"aux-mc-item\" >\n                <div class=\"aux-slide-media\">\n                    <div class=\"aux-media-frame aux-media-image\"><img data-recalc-dims=\"1\" loading=\"lazy\" decoding=\"async\" width=\"909\" height=\"560\" src=\"https:\/\/i0.wp.com\/schwarzwaldmaedel-ferienwohnungen.de\/wp-content\/uploads\/2021\/01\/20210104_110544-scaled.jpg?resize=909%2C560&#038;ssl=1\" class=\"auxin-attachment attachment-909x560\" alt=\"Zum St\u00fcbenwasen\" \/><\/div>\n                <\/div>\n                    <\/div>\n\n        <div class=\"aux-mc-item\" >\n                <div class=\"aux-slide-media\">\n                    <div class=\"aux-media-frame aux-media-image\"><img data-recalc-dims=\"1\" loading=\"lazy\" decoding=\"async\" width=\"909\" height=\"560\" src=\"https:\/\/i0.wp.com\/schwarzwaldmaedel-ferienwohnungen.de\/wp-content\/uploads\/2021\/01\/20210104_110551-scaled.jpg?resize=909%2C560&#038;ssl=1\" class=\"auxin-attachment attachment-909x560\" alt=\"Winterwonderland am Feldberg\" \/><\/div>\n                <\/div>\n                    <\/div>\n\n        <div class=\"aux-mc-item\" >\n                <div class=\"aux-slide-media\">\n                    <div class=\"aux-media-frame aux-media-image\"><img data-recalc-dims=\"1\" loading=\"lazy\" decoding=\"async\" width=\"909\" height=\"560\" src=\"https:\/\/i0.wp.com\/schwarzwaldmaedel-ferienwohnungen.de\/wp-content\/uploads\/2021\/01\/20210104_110623-scaled.jpg?resize=909%2C560&#038;ssl=1\" class=\"auxin-attachment attachment-909x560\" alt=\"Winterwonderland am Feldberg\" \/><\/div>\n                <\/div>\n                    <\/div>\n\n        <div class=\"aux-mc-item\" >\n                <div class=\"aux-slide-media\">\n                    <div class=\"aux-media-frame aux-media-image\"><img data-recalc-dims=\"1\" loading=\"lazy\" decoding=\"async\" width=\"909\" height=\"560\" src=\"https:\/\/i0.wp.com\/schwarzwaldmaedel-ferienwohnungen.de\/wp-content\/uploads\/2021\/01\/20210108_161104-scaled.jpg?resize=909%2C560&#038;ssl=1\" class=\"auxin-attachment attachment-909x560\" alt=\"St\u00fcbenwasen-Spur\" \/><\/div>\n                <\/div>\n                    <\/div>\n\n        <div class=\"aux-mc-item\" >\n                <div class=\"aux-slide-media\">\n                    <div class=\"aux-media-frame aux-media-image\"><img data-recalc-dims=\"1\" loading=\"lazy\" decoding=\"async\" width=\"909\" height=\"560\" src=\"https:\/\/i0.wp.com\/schwarzwaldmaedel-ferienwohnungen.de\/wp-content\/uploads\/2021\/01\/20210109_113303-scaled.jpg?resize=909%2C560&#038;ssl=1\" class=\"auxin-attachment attachment-909x560\" alt=\"Blick ins Holzschlagbachtal\" \/><\/div>\n                <\/div>\n                    <\/div>\n\n        <div class=\"aux-mc-item\" >\n                <div class=\"aux-slide-media\">\n                    <div class=\"aux-media-frame aux-media-image\"><img data-recalc-dims=\"1\" loading=\"lazy\" decoding=\"async\" width=\"909\" height=\"560\" src=\"https:\/\/i0.wp.com\/schwarzwaldmaedel-ferienwohnungen.de\/wp-content\/uploads\/2021\/01\/20210110_162811-scaled.jpg?resize=909%2C560&#038;ssl=1\" class=\"auxin-attachment attachment-909x560\" alt=\"Schauinsland-Spur\" \/><\/div>\n                <\/div>\n                    <\/div>\n\n        <div class=\"aux-mc-item\" >\n                <div class=\"aux-slide-media\">\n                    <div class=\"aux-media-frame aux-media-image\"><img data-recalc-dims=\"1\" loading=\"lazy\" decoding=\"async\" width=\"909\" height=\"560\" src=\"https:\/\/i0.wp.com\/schwarzwaldmaedel-ferienwohnungen.de\/wp-content\/uploads\/2021\/01\/20210110_162820-scaled.jpg?resize=909%2C560&#038;ssl=1\" class=\"auxin-attachment attachment-909x560\" alt=\"Landschaft mit Ba\u00fcmen und Schnee\" \/><\/div>\n                <\/div>\n                    <\/div>\n\n        <div class=\"aux-mc-item\" >\n                <div class=\"aux-slide-media\">\n                    <div class=\"aux-media-frame aux-media-image\"><img data-recalc-dims=\"1\" loading=\"lazy\" decoding=\"async\" width=\"909\" height=\"560\" src=\"https:\/\/i0.wp.com\/schwarzwaldmaedel-ferienwohnungen.de\/wp-content\/uploads\/2021\/01\/20210110_163900-scaled.jpg?resize=909%2C560&#038;ssl=1\" class=\"auxin-attachment attachment-909x560\" alt=\"Am Wasen\" \/><\/div>\n                <\/div>\n                    <\/div>\n\n        <div class=\"aux-next-arrow aux-arrow-nav aux-white aux-round aux-hover-slide\">\n            <span class=\"aux-overlay\"><\/span>\n            <span class=\"aux-svg-arrow aux-medium-right\"><\/span>\n            <span class=\"aux-hover-arrow aux-svg-arrow aux-medium-right\"><\/span>\n        <\/div>\n        <div class=\"aux-prev-arrow aux-arrow-nav aux-white aux-round aux-hover-slide\">\n            <span class=\"aux-overlay\"><\/span>\n            <span class=\"aux-svg-arrow aux-medium-left\"><\/span>\n            <span class=\"aux-hover-arrow aux-svg-arrow aux-medium-left\"><\/span>\n        <\/div>\n<\/div><!-- aux-col-wrapper --><\/section><!-- widget-container -->\t\t\t\t<\/div>\n\t\t\t\t<\/div>\n\t\t\t\t\t<\/div>\n\t\t<\/div>\n\t\t\t\t\t<\/div>\n\t\t<\/section>\n\t\t\t\t<\/div>","protected":false},"excerpt":{"rendered":"<p>Herzlich Willkommen in den Schwarzwaldm\u00e4del-Ferienwohnungen! Unsere familiengef\u00fchrten Schwarzwaldm\u00e4del-Ferienwohnungen befinden sich im H\u00f6henluftkurort Todtnau-Muggenbrunn auf 950 m &#8211; 1250 m im Herzen des Schwarzwalds. Unsere H\u00e4user Michaela und Gerda liegen nur 100 m auseinander. In unserem hauseigenen Hallenbad mit einer Gr\u00f6\u00dfe von 5 x 12 m, Whirlecke und Unterwassergeysir sowie einer Sauna ist gen\u00fcgend Platz um [&hellip;]<\/p>\n","protected":false},"author":1,"featured_media":0,"parent":0,"menu_order":0,"comment_status":"closed","ping_status":"closed","template":"","meta":{"advanced_seo_description":"","jetpack_seo_html_title":"","jetpack_seo_noindex":false,"footnotes":""},"class_list":["post-37","page","type-page","status-publish","hentry"],"jetpack_shortlink":"https:\/\/wp.me\/PbXKzQ-B","jetpack_sharing_enabled":true,"_links":{"self":[{"href":"https:\/\/schwarzwaldmaedel-ferienwohnungen.de\/en\/wp-json\/wp\/v2\/pages\/37","targetHints":{"allow":["GET"]}}],"collection":[{"href":"https:\/\/schwarzwaldmaedel-ferienwohnungen.de\/en\/wp-json\/wp\/v2\/pages"}],"about":[{"href":"https:\/\/schwarzwaldmaedel-ferienwohnungen.de\/en\/wp-json\/wp\/v2\/types\/page"}],"author":[{"embeddable":true,"href":"https:\/\/schwarzwaldmaedel-ferienwohnungen.de\/en\/wp-json\/wp\/v2\/users\/1"}],"replies":[{"embeddable":true,"href":"https:\/\/schwarzwaldmaedel-ferienwohnungen.de\/en\/wp-json\/wp\/v2\/comments?post=37"}],"version-history":[{"count":10,"href":"https:\/\/schwarzwaldmaedel-ferienwohnungen.de\/en\/wp-json\/wp\/v2\/pages\/37\/revisions"}],"predecessor-version":[{"id":2534,"href":"https:\/\/schwarzwaldmaedel-ferienwohnungen.de\/en\/wp-json\/wp\/v2\/pages\/37\/revisions\/2534"}],"wp:attachment":[{"href":"https:\/\/schwarzwaldmaedel-ferienwohnungen.de\/en\/wp-json\/wp\/v2\/media?parent=37"}],"curies":[{"name":"wp","href":"https:\/\/api.w.org\/{rel}","templated":true}]}}